{"id":235,"date":"2025-01-23T09:12:09","date_gmt":"2025-01-23T17:12:09","guid":{"rendered":"https:\/\/engesztelotarsulas.hu\/?page_id=235"},"modified":"2026-04-21T09:05:50","modified_gmt":"2026-04-21T07:05:50","slug":"engesztelo-weboldalak","status":"publish","type":"page","link":"https:\/\/engesztelotarsulas.hu\/index.php\/engesztelo-weboldalak\/","title":{"rendered":"Engesztel\u0151 K\u00c1POLNA-Szent Anna R\u00e9t- Normafa"},"content":{"rendered":"\r\n<p>&nbsp;<\/p>\r\n\r\n\r\n\r\n<p><strong>SZ\u0170Z M\u00c1RIA A VIL\u00c1G GY\u0150ZELMES KIR\u00c1LYN\u0150JE <\/strong>K\u00c1POLNA<\/p>\r\n\r\n\r\n\r\n<p>Fenntart\u00f3: Istenhegyi Szent L\u00e1szl\u00f3 Pl\u00e9b\u00e1nia honlapja<\/p>\r\n\r\n\r\n\r\n<p><a href=\"https:\/\/szlp.hu\">https:\/\/szlp.hu<\/a><\/p>\r\n\r\n\r\n\r\n<p>K\u00e1polna -NORMAFA-Anna R\u00e9t<\/p>\r\n\r\n\r\n\r\n<h1 class=\"wp-block-heading\"><a href=\"https:\/\/szlp.hu\/index.php\/koezoessegek\/engesztelo-kapolna\/434-engesztelo-kapolna\">Engesztel\u0151 k\u00e1polna<\/a><\/h1>\r\n\r\n\r\n\r\n<p><strong>Sz\u0171z M\u00e1ria, a Vil\u00e1g Gy\u0151zelmes Kir\u00e1lyn\u0151je Engesztel\u0151 K\u00e1polna<\/strong><\/p>\r\n\r\n\r\n\r\n<p>A h\u00edvek adom\u00e1nyaib\u00f3l sok neh\u00e9zs\u00e9g ut\u00e1n fel\u00e9p\u00fclt a sokak \u00e1ltal r\u00e9g\u00f3ta v\u00e1gyott Boldogs\u00e1gos Sz\u0171z M\u00e1ria Vil\u00e1g Gy\u0151zelmes Kir\u00e1lyn\u0151je engesztel\u0151k\u00e1polna a Szent Anna-r\u00e9ten. A szent\u00e9lyt a szepl\u0151telen fogantat\u00e1s \u00fcnnep\u00e9n, a gy\u00f6ny\u00f6r\u0171, h\u00f3val bor\u00edtott t\u00e1jban dr. Erd\u0151 P\u00e9ter b\u00edboros \u00e1ldotta meg t\u00f6bb sz\u00e1z h\u00edv\u0151 r\u00e9szv\u00e9tel\u00e9vel 2023. december 8-\u00e1n.<\/p>\r\n\r\n\r\n\r\n<p><strong>A k\u00e1polna megk\u00f6zel\u00edt\u00e9se<\/strong>:<\/p>\r\n\r\n\r\n\r\n<figure class=\"wp-block-image size-large\"><img loading=\"lazy\" decoding=\"async\" width=\"1024\" height=\"468\" class=\"wp-image-588\" src=\"https:\/\/engesztelotarsulas.hu\/wp-content\/uploads\/2026\/01\/Normafa-autobusz-1024x468.jpg\" alt=\"\" srcset=\"https:\/\/engesztelotarsulas.hu\/wp-content\/uploads\/2026\/01\/Normafa-autobusz-1024x468.jpg 1024w, https:\/\/engesztelotarsulas.hu\/wp-content\/uploads\/2026\/01\/Normafa-autobusz-300x137.jpg 300w, https:\/\/engesztelotarsulas.hu\/wp-content\/uploads\/2026\/01\/Normafa-autobusz-768x351.jpg 768w, https:\/\/engesztelotarsulas.hu\/wp-content\/uploads\/2026\/01\/Normafa-autobusz.jpg 1259w\" sizes=\"auto, (max-width: 1024px) 100vw, 1024px\" \/><\/figure>\r\n\r\n\r\n\r\n<p>Aut\u00f3busszal: 21., 210 A \u00e9s B,, 212A \u00e9s B, 221 Normafa l\u00e1togat\u00f3k\u00f6zpontig, onnan gyalog kb. 1 km.<\/p>\r\n\r\n\r\n\r\n<p>M\u00e1ria \u00fcnnepeken de. 11 kor van szentmise.<\/p>\r\n\r\n\r\n\r\n<p>Els\u0151 szombatokon 13-14 \u00f3r\u00e1ig szents\u00e9gim\u00e1d\u00e1s, k\u00f6z\u00f6s r\u00f3zsaf\u00fcz\u00e9r, 14 \u00f3rakor szentmise.<\/p>\r\n\r\n\r\n\r\n<p>A k\u00e1polna az Istenhegyi Szent L\u00e1szl\u00f3 Pl\u00e9b\u00e1ni\u00e1hoz tartozik. Pl\u00e9b\u00e1nos: Kocsis Istv\u00e1n<\/p>\r\n\r\n\r\n\r\n<p>El\u00e9rhet\u0151s\u00e9g: <a href=\"mailto:szlaszlo@t-online.hu\">szlaszlo@t-online.hu<\/a>, tel-: 395 8343<\/p>\r\n\r\n\r\n\r\n<p>Sz\u0171z M\u00e1ria, a Vil\u00e1g Gy\u0151zelmes Kir\u00e1lyn\u0151je engesztel\u0151 k\u00e1polna esem\u00e9nyei az<a href=\"https:\/\/docs.google.com\/spreadsheets\/d\/1j4FvhPeBu2Kk0DLzv8-vcCK9qnPx5yurJUSMROxULHg\/edit?gid=1874296269#gid=1874296269\" target=\"_blank\" rel=\"noreferrer noopener\"> al\u00e1bbi excel t\u00e1bl\u00e1zatban<\/a> \u00e9rhet\u0151k el.\u00a0<\/p>\r\n<p><img loading=\"lazy\" decoding=\"async\" class=\"alignnone size-medium wp-image-631\" src=\"https:\/\/engesztelotarsulas.hu\/wp-content\/uploads\/2026\/04\/Orszagos-Engesztelo-Imamozgalom-2-261x300.jpg\" alt=\"\" width=\"261\" height=\"300\" srcset=\"https:\/\/engesztelotarsulas.hu\/wp-content\/uploads\/2026\/04\/Orszagos-Engesztelo-Imamozgalom-2-261x300.jpg 261w, https:\/\/engesztelotarsulas.hu\/wp-content\/uploads\/2026\/04\/Orszagos-Engesztelo-Imamozgalom-2-890x1024.jpg 890w, https:\/\/engesztelotarsulas.hu\/wp-content\/uploads\/2026\/04\/Orszagos-Engesztelo-Imamozgalom-2-768x883.jpg 768w, https:\/\/engesztelotarsulas.hu\/wp-content\/uploads\/2026\/04\/Orszagos-Engesztelo-Imamozgalom-2.jpg 1259w\" sizes=\"auto, (max-width: 261px) 100vw, 261px\" \/><\/p>\r\n","protected":false},"excerpt":{"rendered":"<p>&nbsp; SZ\u0170Z M\u00c1RIA A VIL\u00c1G GY\u0150ZELMES KIR\u00c1LYN\u0150JE K\u00c1POLNA Fenntart\u00f3: Istenhegyi Szent L\u00e1szl\u00f3 Pl\u00e9b\u00e1nia honlapja https:\/\/szlp.hu K\u00e1polna -NORMAFA-Anna R\u00e9t Engesztel\u0151 k\u00e1polna Sz\u0171z M\u00e1ria, a Vil\u00e1g Gy\u0151zelmes Kir\u00e1lyn\u0151je Engesztel\u0151 K\u00e1polna A h\u00edvek adom\u00e1nyaib\u00f3l sok neh\u00e9zs\u00e9g ut\u00e1n fel\u00e9p\u00fclt a sokak \u00e1ltal r\u00e9g\u00f3ta v\u00e1gyott Boldogs\u00e1gos Sz\u0171z M\u00e1ria Vil\u00e1g Gy\u0151zelmes Kir\u00e1lyn\u0151je engesztel\u0151k\u00e1polna a Szent Anna-r\u00e9ten. A szent\u00e9lyt a szepl\u0151telen fogantat\u00e1s &#8230; <span class=\"more\"><a class=\"more-link\" href=\"https:\/\/engesztelotarsulas.hu\/index.php\/engesztelo-weboldalak\/\">[Read more&#8230;]<\/a><\/span><\/p>\n","protected":false},"author":1,"featured_media":152,"parent":0,"menu_order":1,"comment_status":"closed","ping_status":"closed","template":"","meta":{"footnotes":""},"class_list":{"0":"entry","1":"page","2":"publish","3":"author-engeszte","4":"post-235","6":"has-post-thumbnail"},"_links":{"self":[{"href":"https:\/\/engesztelotarsulas.hu\/index.php\/wp-json\/wp\/v2\/pages\/235","targetHints":{"allow":["GET"]}}],"collection":[{"href":"https:\/\/engesztelotarsulas.hu\/index.php\/wp-json\/wp\/v2\/pages"}],"about":[{"href":"https:\/\/engesztelotarsulas.hu\/index.php\/wp-json\/wp\/v2\/types\/page"}],"author":[{"embeddable":true,"href":"https:\/\/engesztelotarsulas.hu\/index.php\/wp-json\/wp\/v2\/users\/1"}],"replies":[{"embeddable":true,"href":"https:\/\/engesztelotarsulas.hu\/index.php\/wp-json\/wp\/v2\/comments?post=235"}],"version-history":[{"count":24,"href":"https:\/\/engesztelotarsulas.hu\/index.php\/wp-json\/wp\/v2\/pages\/235\/revisions"}],"predecessor-version":[{"id":834,"href":"https:\/\/engesztelotarsulas.hu\/index.php\/wp-json\/wp\/v2\/pages\/235\/revisions\/834"}],"wp:featuredmedia":[{"embeddable":true,"href":"https:\/\/engesztelotarsulas.hu\/index.php\/wp-json\/wp\/v2\/media\/152"}],"wp:attachment":[{"href":"https:\/\/engesztelotarsulas.hu\/index.php\/wp-json\/wp\/v2\/media?parent=235"}],"curies":[{"name":"wp","href":"https:\/\/api.w.org\/{rel}","templated":true}]}}