{"id":235,"date":"2025-01-23T09:12:09","date_gmt":"2025-01-23T17:12:09","guid":{"rendered":"https:\/\/engesztelotarsulas.hu\/?page_id=235"},"modified":"2026-08-11T18:26:23","modified_gmt":"2026-08-11T16:26:23","slug":"engesztelo-weboldalak","status":"publish","type":"page","link":"https:\/\/engesztelotarsulas.hu\/index.php\/engesztelo-weboldalak\/","title":{"rendered":"Engesztel\u0151 K\u00c1POLNA-Szent Anna R\u00e9t- Normafa"},"content":{"rendered":"\r\n<p class=\"wp-block-paragraph\">&nbsp;<\/p>\r\n\r\n\r\n\r\n<p class=\"wp-block-paragraph\"><strong>SZ\u0170Z M\u00c1RIA A VIL\u00c1G GY\u0150ZELMES KIR\u00c1LYN\u0150JE <\/strong>K\u00c1POLNA<\/p>\r\n\r\n\r\n\r\n<p class=\"wp-block-paragraph\">Fenntart\u00f3: Istenhegyi Szent L\u00e1szl\u00f3 Pl\u00e9b\u00e1nia honlapja<\/p>\r\n\r\n\r\n\r\n<p class=\"wp-block-paragraph\"><a href=\"https:\/\/szlp.hu\">https:\/\/szlp.hu<\/a><\/p>\r\n\r\n\r\n\r\n<p class=\"wp-block-paragraph\">K\u00e1polna -NORMAFA-Anna R\u00e9t<\/p>\r\n\r\n\r\n\r\n<h1 class=\"wp-block-heading\"><a href=\"https:\/\/szlp.hu\/index.php\/koezoessegek\/engesztelo-kapolna\/434-engesztelo-kapolna\">Engesztel\u0151 k\u00e1polna<\/a><\/h1>\r\n\r\n\r\n\r\n<p class=\"wp-block-paragraph\"><strong>Sz\u0171z M\u00e1ria, a Vil\u00e1g Gy\u0151zelmes Kir\u00e1lyn\u0151je Engesztel\u0151 K\u00e1polna<\/strong><\/p>\r\n\r\n\r\n\r\n<p class=\"wp-block-paragraph\">A h\u00edvek adom\u00e1nyaib\u00f3l sok neh\u00e9zs\u00e9g ut\u00e1n fel\u00e9p\u00fclt a sokak \u00e1ltal r\u00e9g\u00f3ta v\u00e1gyott Boldogs\u00e1gos Sz\u0171z M\u00e1ria Vil\u00e1g Gy\u0151zelmes Kir\u00e1lyn\u0151je engesztel\u0151k\u00e1polna a Szent Anna-r\u00e9ten. A szent\u00e9lyt a szepl\u0151telen fogantat\u00e1s \u00fcnnep\u00e9n, a gy\u00f6ny\u00f6r\u0171, h\u00f3val bor\u00edtott t\u00e1jban dr. Erd\u0151 P\u00e9ter b\u00edboros \u00e1ldotta meg t\u00f6bb sz\u00e1z h\u00edv\u0151 r\u00e9szv\u00e9tel\u00e9vel 2023. december 8-\u00e1n.<\/p>\r\n\r\n\r\n\r\n<p class=\"wp-block-paragraph\"><strong>A k\u00e1polna megk\u00f6zel\u00edt\u00e9se<\/strong>:<\/p>\r\n\r\n\r\n\r\n<figure class=\"wp-block-image size-large\"><img loading=\"lazy\" decoding=\"async\" width=\"1024\" height=\"468\" class=\"wp-image-588\" src=\"https:\/\/engesztelotarsulas.hu\/wp-content\/uploads\/2026\/01\/Normafa-autobusz-1024x468.jpg\" alt=\"\" srcset=\"https:\/\/engesztelotarsulas.hu\/wp-content\/uploads\/2026\/01\/Normafa-autobusz-1024x468.jpg 1024w, https:\/\/engesztelotarsulas.hu\/wp-content\/uploads\/2026\/01\/Normafa-autobusz-300x137.jpg 300w, https:\/\/engesztelotarsulas.hu\/wp-content\/uploads\/2026\/01\/Normafa-autobusz-768x351.jpg 768w, https:\/\/engesztelotarsulas.hu\/wp-content\/uploads\/2026\/01\/Normafa-autobusz.jpg 1259w\" sizes=\"auto, (max-width: 1024px) 100vw, 1024px\" \/><\/figure>\r\n\r\n\r\n\r\n<p class=\"wp-block-paragraph\">Aut\u00f3busszal: 21., 210 A \u00e9s B,, 212A \u00e9s B, 221 Normafa l\u00e1togat\u00f3k\u00f6zpontig, onnan gyalog kb. 1 km.<\/p>\r\n\r\n\r\n\r\n<p class=\"wp-block-paragraph\">M\u00e1ria \u00fcnnepeken de. 11 kor van szentmise.<\/p>\r\n\r\n\r\n\r\n<p class=\"wp-block-paragraph\">Els\u0151 szombatokon 13-14 \u00f3r\u00e1ig szents\u00e9gim\u00e1d\u00e1s, k\u00f6z\u00f6s r\u00f3zsaf\u00fcz\u00e9r, 14 \u00f3rakor szentmise.<\/p>\r\n\r\n\r\n\r\n<p class=\"wp-block-paragraph\">A k\u00e1polna az Istenhegyi Szent L\u00e1szl\u00f3 Pl\u00e9b\u00e1ni\u00e1hoz tartozik. Pl\u00e9b\u00e1nos: Kocsis Istv\u00e1n<\/p>\r\n\r\n\r\n\r\n<p class=\"wp-block-paragraph\">El\u00e9rhet\u0151s\u00e9g: <a href=\"mailto:szlaszlo@t-online.hu\">szlaszlo@t-online.hu<\/a>, tel-: 395 8343<\/p>\r\n\r\n\r\n\r\n<p class=\"wp-block-paragraph\">Sz\u0171z M\u00e1ria, a Vil\u00e1g Gy\u0151zelmes Kir\u00e1lyn\u0151je engesztel\u0151 k\u00e1polna esem\u00e9nyei az<a href=\"https:\/\/docs.google.com\/spreadsheets\/d\/1j4FvhPeBu2Kk0DLzv8-vcCK9qnPx5yurJUSMROxULHg\/edit?gid=1874296269#gid=1874296269\" target=\"_blank\" rel=\"noreferrer noopener\"> al\u00e1bbi excel t\u00e1bl\u00e1zatban<\/a> \u00e9rhet\u0151k el.\u00a0<\/p>\r\n<p><img loading=\"lazy\" decoding=\"async\" class=\"alignnone size-medium wp-image-631\" src=\"https:\/\/engesztelotarsulas.hu\/wp-content\/uploads\/2026\/04\/Orszagos-Engesztelo-Imamozgalom-2-261x300.jpg\" alt=\"\" width=\"261\" height=\"300\" srcset=\"https:\/\/engesztelotarsulas.hu\/wp-content\/uploads\/2026\/04\/Orszagos-Engesztelo-Imamozgalom-2-261x300.jpg 261w, https:\/\/engesztelotarsulas.hu\/wp-content\/uploads\/2026\/04\/Orszagos-Engesztelo-Imamozgalom-2-890x1024.jpg 890w, https:\/\/engesztelotarsulas.hu\/wp-content\/uploads\/2026\/04\/Orszagos-Engesztelo-Imamozgalom-2-768x883.jpg 768w, https:\/\/engesztelotarsulas.hu\/wp-content\/uploads\/2026\/04\/Orszagos-Engesztelo-Imamozgalom-2.jpg 1259w\" sizes=\"auto, (max-width: 261px) 100vw, 261px\" \/><\/p>\r\n<p><img loading=\"lazy\" decoding=\"async\" class=\"alignnone size-medium wp-image-850\" src=\"https:\/\/engesztelotarsulas.hu\/wp-content\/uploads\/2026\/07\/Augusztus23-235x300.jpg\" alt=\"\" width=\"235\" height=\"300\" srcset=\"https:\/\/engesztelotarsulas.hu\/wp-content\/uploads\/2026\/07\/Augusztus23-235x300.jpg 235w, https:\/\/engesztelotarsulas.hu\/wp-content\/uploads\/2026\/07\/Augusztus23-801x1024.jpg 801w, https:\/\/engesztelotarsulas.hu\/wp-content\/uploads\/2026\/07\/Augusztus23-768x982.jpg 768w, https:\/\/engesztelotarsulas.hu\/wp-content\/uploads\/2026\/07\/Augusztus23-1201x1536.jpg 1201w, https:\/\/engesztelotarsulas.hu\/wp-content\/uploads\/2026\/07\/Augusztus23.jpg 1259w\" sizes=\"auto, (max-width: 235px) 100vw, 235px\" \/><\/p>\r\n<div id=\"loop-meta\" class=\" loop-meta-wrap pageheader-bg-default   loop-meta-withtext\">\r\n<div class=\"hgrid\">\r\n<div class=\" loop-meta hgrid-span-12\">\r\n<div class=\"entry-header\">\r\n<h1 class=\" loop-title entry-title\">T\u00e1j\u00e9koztat\u00f3 k\u00f6rlev\u00e9l \u2013 Magyar Engesztel\u00e9s \u2013 2026.07.10.<\/h1>\r\n<\/div>\r\n<\/div>\r\n<\/div>\r\n<\/div>\r\n<div class=\"hgrid main-content-grid\"><main id=\"content\" class=\"content  hgrid-span-9 has-sidebar layout-narrow-right \" role=\"main\">\r\n<div id=\"content-wrap\" class=\" content-wrap theiaStickySidebar\">\r\n<article id=\"post-12718\" class=\"entry author-bocsa_atya post-12718 post type-post status-publish format-standard category-szent-anna-ret\">\r\n<div class=\"entry-content\">\r\n<div class=\"entry-the-content\">\r\n<div><b>Kedves Testv\u00e9rek!<\/b><\/div>\r\n<div>\u00a0<\/div>\r\n<div>Elk\u00e9sz\u00fclt a k\u00e9rd\u0151\u00edv, aminek seg\u00edts\u00e9g\u00e9vel egyszer\u0171bben be tudom gy\u0171jteni az adatokat. K\u00e9rlek, hogy t\u00f6lts\u00e9tek ki, \u00e9s a v\u00e9g\u00e9n a \u201cK\u00fcld\u00e9s\u201d gomb megnyom\u00e1s\u00e1val k\u00fcldj\u00e9tek el nekem!<\/div>\r\n<div>\u00a0<\/div>\r\n<div><b><a title=\"https:\/\/forms.gle\/mwRXYR6EqPj9Q8178\" href=\"https:\/\/forms.gle\/mwRXYR6EqPj9Q8178\" target=\"_blank\" rel=\"noopener noreferrer\">https:\/\/forms.gle\/mwRXYR6EqPj9Q8178<\/a><\/b><\/div>\r\n<div>\u00a0<\/div>\r\n<div>Akik m\u00e1r r\u00e9gebben csatlakoztak az engesztel\u00e9shez, \u0151k is legyenek sz\u00edvesek kit\u00f6lteni, mert egy picit v\u00e1ltoztak a param\u00e9terek. \u00cdrom is, hogy miben:<\/div>\r\n<div>\u00a0<\/div>\r\n<div><b>Max. heti 1 imaalkalmat jel\u00f6lj\u00f6n mindenki,<\/b>\u00a0amit az imal\u00e1ncba kapcsol\u00f3dva mond. Ett\u0151l m\u00e9g lehet t\u00f6bbet is im\u00e1dkozni, de mindenkinek minden im\u00e1j\u00e1t nem tudjuk egy t\u00e1bl\u00e1zatban \u00e1ttekinthet\u0151en megjelen\u00edteni, ez\u00e9rt heti 1 vagy havi 1 im\u00e1t jel\u00f6lj\u00f6n mindenki!<\/div>\r\n<div>\u00a0<\/div>\r\n<div><b>Az ima keretei:<\/b><\/div>\r\n<div>\u00a0<\/div>\r\n<div>\r\n<ul>\r\n<li>Lehet\u0151leg ima\u00f3ra legyen, teh\u00e1t\u00a0<b>1 kerek \u00f3ra\u00a0<\/b>(a k\u00e1poln\u00e1ban is \u00edgy im\u00e1dkoznak a k\u00f6z\u00f6ss\u00e9gek)<\/li>\r\n<\/ul>\r\n<\/div>\r\n<div>\r\n<ul>\r\n<li><b>Legyen 1 eg\u00e9sz r\u00f3zsaf\u00fcz\u00e9r\u00a0<\/b>(b\u00e1rmelyik olvas\u00f3),<b>\u00a0<\/b>a fennmarad\u00f3 id\u0151ben szabadon v\u00e1laszthat\u00f3 az ima m\u00f3dja. (Aki ig\u00e9nyli, tudok ima aj\u00e1nl\u00e1sokat k\u00fcldeni, de t\u00e9nyleg b\u00e1rmi lehet, csendes szeml\u00e9l\u0151d\u0151 im\u00e1t\u00f3l kezdve b\u00e1rmilyen r\u00f3zsaf\u0171z\u00e9r, Nat\u00e1lia n\u0151v\u00e9r k\u00f6nyv\u00e9ben aj\u00e1nlott im\u00e1k, lit\u00e1nia, zsolt\u00e1r, \u00e9nekes dics\u0151\u00edt\u00e9s, stb\u2026.)<\/li>\r\n<li>Az ima\u00f3ra v\u00e9g\u00e9n aj\u00e1nlott elim\u00e1dkozni a\u00a0<b>Szent Mih\u00e1ly im\u00e1t<\/b>, \u00e9s hangozzon el a Vil\u00e1g Gy\u0151zelmes Kir\u00e1lyn\u0151je foh\u00e1sz:\u00a0<b>Vil\u00e1g Gy\u0151zelmes Kir\u00e1lyn\u0151je, most mutasd meg hatalmadat!<\/b><\/li>\r\n<\/ul>\r\n<\/div>\r\n<ul>\r\n<li>Ha lehet,\u00a0<b>legyen Szents\u00e9gim\u00e1d\u00e1s is!\u00a0<\/b>Akinek nem megoldhat\u00f3 a Szents\u00e9g jelenl\u00e9te, ezen a linken van 24 \u00f3r\u00e1ban \u00e9l\u0151 k\u00f6zvet\u00edt\u00e9s a V\u00e1ci Szent Anna Piarista templom\u00a0<span class=\"gmail-il\">\u00f6r\u00f6kim\u00e1d\u00f3<\/span>\u00a0k\u00e1poln\u00e1j\u00e1b\u00f3l, ahol folyamatosan ki van t\u00e9ve az Olt\u00e1riszents\u00e9g. Im\u00e1hoz ezt is meg lehet nyitni:<\/li>\r\n<\/ul>\r\n<div><b><a title=\"https:\/\/orokimadas-vac.click2stream.com\/\" href=\"https:\/\/orokimadas-vac.click2stream.com\/\" target=\"_blank\" rel=\"noopener noreferrer\">https:\/\/orokimadas-vac.click2stream.com\/<\/a><\/b><\/div>\r\n<div>\r\n<div>\r\n<ul>\r\n<li>Ha lehets\u00e9ges, otthoni im\u00e1nkat pr\u00f3b\u00e1ljuk meg az Engesztel\u0151 K\u00e1poln\u00e1ban zajl\u00f3 im\u00e1val egy id\u0151pontra tenni! Ehhez n\u00e9zz\u00fck meg a k\u00e1polna imanapt\u00e1r\u00e1t, hogy a v\u00e1llalt napunkon h\u00e1ny \u00f3rakor van a k\u00e1poln\u00e1ban engesztel\u0151 ima. Ha lehet, ezzel egy id\u0151ben mondjuk az otthoni im\u00e1t! Ez nem elv\u00e1r\u00e1s, de ha lehets\u00e9ges, pr\u00f3b\u00e1ljuk meg \u00fagy id\u0151z\u00edteni!<\/li>\r\n<\/ul>\r\n<div><b>A k\u00e1polna imanapt\u00e1r\u00e1nak linkje:\u00a0<\/b><\/div>\r\n<div><b><a title=\"https:\/\/docs.google.com\/spreadsheets\/d\/1B4kkImtMX3lg8ANvTaPFwSzWCnM3Eqr-\/view\" href=\"https:\/\/docs.google.com\/spreadsheets\/d\/1B4kkImtMX3lg8ANvTaPFwSzWCnM3Eqr-\/view\" target=\"_blank\" rel=\"noopener noreferrer\">https:\/\/docs.google.com\/spreadsheets\/d\/1B4kkImtMX3lg8ANvTaPFwSzWCnM3Eqr-\/view<\/a><\/b><\/div>\r\n<div><b>\u00a0<\/b><\/div>\r\n<div>\r\n<ul>\r\n<li>Az orsz\u00e1gos engesztel\u00e9sre val\u00f3 felh\u00edv\u00e1st megk\u00f6sz\u00f6n\u00f6m, ha tov\u00e1bbra is terjesztitek! (Csatolom a lev\u00e9lhez!)<\/li>\r\n<\/ul>\r\n<div>\u00a0<\/div>\r\n<div>Vil\u00e1g Gy\u0151zelmes Kir\u00e1lyn\u0151je, most mutasd meg hatalmadat!<\/div>\r\n<div>\u00a0<\/div>\r\n<div>Szeretettel: Eszter<\/div>\r\n<div><img decoding=\"async\" src=\"https:\/\/engesztelok.hu\/oofeetse\/2026\/07\/Engesztelok-OT-2026-JPG.jpg\" \/><\/div>\r\n<\/div>\r\n<\/div>\r\n<\/div>\r\n<\/div>\r\n<\/div>\r\n<\/article>\r\n<\/div>\r\n<\/main><\/div>\r\n","protected":false},"excerpt":{"rendered":"<p>&nbsp; SZ\u0170Z M\u00c1RIA A VIL\u00c1G GY\u0150ZELMES KIR\u00c1LYN\u0150JE K\u00c1POLNA Fenntart\u00f3: Istenhegyi Szent L\u00e1szl\u00f3 Pl\u00e9b\u00e1nia honlapja https:\/\/szlp.hu K\u00e1polna -NORMAFA-Anna R\u00e9t Engesztel\u0151 k\u00e1polna Sz\u0171z M\u00e1ria, a Vil\u00e1g Gy\u0151zelmes Kir\u00e1lyn\u0151je Engesztel\u0151 K\u00e1polna A h\u00edvek adom\u00e1nyaib\u00f3l sok neh\u00e9zs\u00e9g ut\u00e1n fel\u00e9p\u00fclt a sokak \u00e1ltal r\u00e9g\u00f3ta v\u00e1gyott Boldogs\u00e1gos Sz\u0171z M\u00e1ria Vil\u00e1g Gy\u0151zelmes Kir\u00e1lyn\u0151je engesztel\u0151k\u00e1polna a Szent Anna-r\u00e9ten. A szent\u00e9lyt a szepl\u0151telen fogantat\u00e1s &#8230; <span class=\"more\"><a class=\"more-link\" href=\"https:\/\/engesztelotarsulas.hu\/index.php\/engesztelo-weboldalak\/\">[Read more&#8230;]<\/a><\/span><\/p>\n","protected":false},"author":1,"featured_media":152,"parent":0,"menu_order":1,"comment_status":"closed","ping_status":"closed","template":"","meta":{"footnotes":""},"class_list":["entry","page","publish","author-engeszte","post-235","has-post-thumbnail"],"_links":{"self":[{"href":"https:\/\/engesztelotarsulas.hu\/index.php\/wp-json\/wp\/v2\/pages\/235","targetHints":{"allow":["GET"]}}],"collection":[{"href":"https:\/\/engesztelotarsulas.hu\/index.php\/wp-json\/wp\/v2\/pages"}],"about":[{"href":"https:\/\/engesztelotarsulas.hu\/index.php\/wp-json\/wp\/v2\/types\/page"}],"author":[{"embeddable":true,"href":"https:\/\/engesztelotarsulas.hu\/index.php\/wp-json\/wp\/v2\/users\/1"}],"replies":[{"embeddable":true,"href":"https:\/\/engesztelotarsulas.hu\/index.php\/wp-json\/wp\/v2\/comments?post=235"}],"version-history":[{"count":26,"href":"https:\/\/engesztelotarsulas.hu\/index.php\/wp-json\/wp\/v2\/pages\/235\/revisions"}],"predecessor-version":[{"id":861,"href":"https:\/\/engesztelotarsulas.hu\/index.php\/wp-json\/wp\/v2\/pages\/235\/revisions\/861"}],"wp:featuredmedia":[{"embeddable":true,"href":"https:\/\/engesztelotarsulas.hu\/index.php\/wp-json\/wp\/v2\/media\/152"}],"wp:attachment":[{"href":"https:\/\/engesztelotarsulas.hu\/index.php\/wp-json\/wp\/v2\/media?parent=235"}],"curies":[{"name":"wp","href":"https:\/\/api.w.org\/{rel}","templated":true}]}}