{"id":113,"date":"2025-04-17T11:10:15","date_gmt":"2025-04-17T09:10:15","guid":{"rendered":"https:\/\/engesztelotarsulas.hu\/?page_id=113"},"modified":"2026-04-21T09:37:46","modified_gmt":"2026-04-21T07:37:46","slug":"ez-egy-uj-oldal","status":"publish","type":"page","link":"https:\/\/engesztelotarsulas.hu\/index.php\/ez-egy-uj-oldal\/","title":{"rendered":"Mindszenty J\u00f3zsef b\u00edboros"},"content":{"rendered":"\r\n\r\n\r\n<h1 class=\"wp-block-heading\">\u201eHa lesz egymilli\u00f3 im\u00e1dkoz\u00f3 magyar, nem\u00a0<strong>f\u00e9lek a j\u00f6v\u0151t\u0151l\u201d(*) \u2013 mondta Mindszenty J\u00f3zsef b\u00edboros.<\/strong><\/h1>\r\n\r\n\r\n\r\n<h1 class=\"wp-block-heading\">\u00a0<\/h1>\r\n\r\n\r\n\r\n<figure class=\"wp-block-image\"><img decoding=\"async\" class=\"wp-image-349\" src=\"https:\/\/engesztelotarsulas.hu\/wp-content\/uploads\/2025\/01\/Mindszenty-biboros-palastja-2.jpg\" alt=\"\" \/><\/figure>\r\n\r\n\r\n\r\n<figure class=\"wp-block-image size-large\"><img loading=\"lazy\" decoding=\"async\" width=\"768\" height=\"1024\" class=\"wp-image-591\" src=\"https:\/\/engesztelotarsulas.hu\/wp-content\/uploads\/2026\/01\/Mindszenty-biboros-palastja-1-768x1024.jpg\" alt=\"\" srcset=\"https:\/\/engesztelotarsulas.hu\/wp-content\/uploads\/2026\/01\/Mindszenty-biboros-palastja-1-768x1024.jpg 768w, https:\/\/engesztelotarsulas.hu\/wp-content\/uploads\/2026\/01\/Mindszenty-biboros-palastja-1-225x300.jpg 225w, https:\/\/engesztelotarsulas.hu\/wp-content\/uploads\/2026\/01\/Mindszenty-biboros-palastja-1-1152x1536.jpg 1152w, https:\/\/engesztelotarsulas.hu\/wp-content\/uploads\/2026\/01\/Mindszenty-biboros-palastja-1.jpg 1530w\" sizes=\"auto, (max-width: 768px) 100vw, 768px\" \/><\/figure>\r\n\r\n\r\n\r\n<p>Mindszenty J\u00f3zsef b\u00edboros pal\u00e1stja<\/p>\r\n\r\n\r\n\r\n\r\n\r\n<p><a href=\"https:\/\/mindszentyhaz.hu\/index.php\/bemutatkozas\/mindszenty-jozsef-elete\">https:\/\/mindszentyhaz.hu\/index.php\/bemutatkozas\/mindszenty-jozsef-elete<\/a><\/p>\r\n\r\n\r\n\r\n<p><a href=\"https:\/\/mindszentyalapitvany.hu\/szentte-avatas\/magyar-jeloltek\/mindszenty-jozsef\">https:\/\/mindszentyalapitvany.hu\/szentte-avatas\/magyar-jeloltek\/mindszenty-jozsef<\/a><\/p>\r\n\r\n\r\n\r\n<figure class=\"wp-block-image size-full\"><img decoding=\"async\" class=\"wp-image-345\" src=\"https:\/\/engesztelotarsulas.hu\/wp-content\/uploads\/2025\/01\/mindszenty-jozsef_0-1.png\" alt=\"\" \/><\/figure>\r\n\r\n\r\n\r\n\r\n\r\n<h3 class=\"wp-block-heading\">Tiszteletrem\u00e9lt\u00f3 Mindszenty J\u00f3zsef szentt\u00e9avat\u00e1si elj\u00e1r\u00e1s\u00e1nak<br \/>fontosabb d\u00e1tumai:<\/h3>\r\n\r\n\r\n\r\n<blockquote class=\"wp-block-quote is-layout-flow wp-block-quote-is-layout-flow\">\r\n<p>\u00cdme a f\u0151pap, aki \u00e9let\u00e9nek napjaiban tetszett az Istennek,<br \/>\u00e9s igaz volt, s a harag idej\u00e9n engesztel\u00e9s\u00fcl szolg\u00e1lt.<\/p>\r\n<\/blockquote>\r\n\r\n\r\n\r\n<p>(Sir 44,16-17 \u2013 szentlecke hitvall\u00f3 p\u00fcsp\u00f6k \u00fcnnep\u00e9n, r\u00e9szlet)<\/p>\r\n\r\n\r\n\r\n<p><a href=\"https:\/\/mindszentyalapitvany.hu\/szentte-avatas\/magyar-jeloltek\/mindszenty-jozsef\">https:\/\/mindszentyalapitvany.hu\/szentte-avatas\/magyar-jeloltek\/mindszenty-jozsef<\/a><\/p>\r\n\r\n\r\n\r\n<p><strong><em>Isten Szolg\u00e1ja Mindszenty J\u00f3zsef b\u00edboros szentt\u00e9 avat\u00e1s\u00e1\u00e9rt mondott engesztel\u0151 im\u00e1ds\u00e1g<\/em><\/strong><\/p>\r\n\r\n\r\n\r\n<p>\u201e<em>Mennyei Aty\u00e1nk! Sz\u00edvesen fogadod h\u00edveid \u00e1ldozatait, amelyeket Krisztus \u00e1ldozat\u00e1val egyes\u00edtve aj\u00e1nlanak fel, hogy \u201ekieg\u00e9sz\u00edts\u00e9k, ami Krisztus szenved\u00e9s\u00e9b\u0151l hi\u00e1nyzik, az Egyh\u00e1z jav\u00e1ra\u201d (Kol 1,24). Fogadd kegyesen J\u00f3zsef b\u00edboros szolg\u00e1d megal\u00e1ztat\u00e1sait, \u00e1ldozatait, amelyeket f\u00f6ldi \u00e9let\u00e9ben a magyar Egyh\u00e1z\u00e9rt \u00e9s a magyar n\u00e9p\u00e9rt aj\u00e1nlott fel. Szenved\u00e9se legyen napjainkban is el\u0151tted kedves \u00e1ldozat Egyh\u00e1zunk\u00e9rt, haz\u00e1nk\u00e9rt. Hozz\u00e1 csatlakozva akarunk mi is im\u00e1inkkal, \u00e1ldozatainkkal engesztelni nemzet\u00fcnk lelki meg\u00fajul\u00e1s\u00e1\u00e9rt. \u00c9s ha szent akaratoddal megegyezik, add meg h\u00edv\u0151 magyar n\u00e9pednek, hogy J\u00f3zsef b\u00edboros szolg\u00e1dat egykor Egyh\u00e1zunk szentjei k\u00f6z\u00f6tt tisztelhess\u00fck. Krisztus a mi Urunk \u00e1ltal.<br \/>\u00c1men.<\/em>\u201d<\/p>\r\n\r\n\r\n\r\n<p><strong><em>Isten Szolg\u00e1ja szentt\u00e9 avat\u00e1s\u00e1\u00e9rt mondhat\u00f3 r\u00f6videbb im\u00e1ds\u00e1g<\/em><\/strong><\/p>\r\n\r\n\r\n\r\n<p>\u201e<em>Isten\u00fcnk, te Mindszenty J\u00f3zsef b\u00edborost arra v\u00e1lasztottad ki, hogy az \u00fcld\u00f6ztet\u00e9s idej\u00e9n mindhal\u00e1lig h\u0171s\u00e9ges f\u0151p\u00e1sztor legyen: az igazs\u00e1g \u00e9s a szeretet tan\u00fas\u00e1gtev\u0151je.<br \/>H\u00edv\u0151 n\u00e9ped \u00f6r\u00f6m\u00e9re add meg, k\u00e9r\u00fcnk, hogy \u0151t miel\u0151bb Egyh\u00e1zunk szentjei k\u00f6z\u00f6tt tisztelhess\u00fck. Krisztus, a mi Urunk \u00e1ltal.<br \/>\u00c1men.<\/em>\u201d<\/p>\r\n\r\n\r\n<hr class=\"wp-block-separator has-alpha-channel-opacity\" \/>\r\n\r\n\r\n<p id=\"a_id1\"><a href=\"https:\/\/mindszentyalapitvany.hu\/szentte-avatas\/magyar-jeloltek\/mindszenty-jozsef#id1\">(1)<\/a>\u00a0A s\u00edrfelirat latin sz\u00f6veg\u00e9t Dr. Ladocsi G\u00e1sp\u00e1r ny. t\u00e1bori p\u00fcsp\u00f6k \u00e1ll\u00edtotta \u00f6ssze, magyar ford\u00edt\u00e1sa:\u00a0<em>\u201eAz \u00e9let megal\u00e1zta \u2013 a hal\u00e1l felmagasztalta. A Szent R\u00f3mai Egyh\u00e1z \u00e9s a Coelius-hegyi Szent Istv\u00e1n templom presbiter-b\u00edborosa, Magyarorsz\u00e1g utols\u00f3 hercegpr\u00edm\u00e1sa, esztergomi \u00e9rsek, az \u00fcld\u00f6ztet\u00e9s idej\u00e9n a legh\u0171s\u00e9gesebb p\u00e1sztor MINDSZENTY J\u00d3ZSEF 1892. m\u00e1rc. 29. \u2013 1975. m\u00e1j. 6. A h\u00e1bor\u00fa vihar\u00e1ban szil\u00e1rdan helyt\u00e1llt, a zsarnoki hatalom megk\u00ednozta \u00e9s b\u00f6rt\u00f6nbe z\u00e1rta. Haz\u00e1j\u00e1nak sz\u00e1m\u0171z\u00f6ttje lett. Az Anyaszentegyh\u00e1z engedelmes fia volt. H\u0151n szeretett haz\u00e1j\u00e1nak becs\u00fclet\u00e9t mindhal\u00e1lig er\u0151s\u00edtette. M\u00e1riacellben temett\u00e9k el, hal\u00e1la ut\u00e1n 16 \u00e9vvel hazahozt\u00e1k.<br \/>Itt b\u00e9k\u00e9ben nyugszik.\u201d<\/em><\/p>\r\n\r\n\r\n\r\n<p id=\"a_id2\"><a href=\"https:\/\/mindszentyalapitvany.hu\/szentte-avatas\/magyar-jeloltek\/mindszenty-jozsef#id2\">(2)<\/a>\u00a0<strong>A m\u00e1riacelli latin s\u00edrfelirat sz\u00f6vege magyarul:<\/strong>\u00a0<em>\u201eEz a m\u00e1rv\u00e1nyk\u0151 fedi most \u2013 m\u00edg a felszabadult haza f\u00f6ldj\u00e9be megt\u00e9rnek \u2013 f\u00f6ldi maradv\u00e1nyait Mindszenty J\u00f3zsefnek, aki Csehimindszenten sz\u00fcletett 1892. m\u00e1rcius 29-\u00e9n; papp\u00e1 szentelt\u00e9k Szombathelyen 1915-ben, n\u00e9gy \u00e9v m\u00falva Zalaegerszeg pl\u00e9b\u00e1nosa, 25 \u00e9vre r\u00e1 veszpr\u00e9mi p\u00fcsp\u00f6k;<br \/>1945-ben esztergomi \u00e9rsek, Magyarorsz\u00e1g b\u00edboros hercegpr\u00edm\u00e1sa. Helyt\u00e1llva Isten\u00e9rt, egyh\u00e1z\u00e9rt \u00e9s szenved\u0151 n\u00e9p\u00e9\u00e9rt, az elnyom\u00f3 hatalom k\u00e9tszer vetette fogs\u00e1gba;<br \/>1949-ben pedig \u00e9letfogytiglani b\u00f6rt\u00f6nre \u00edt\u00e9lte. Rabs\u00e1g\u00e1b\u00f3l 1956-ban a szabads\u00e1gharc kiszabad\u00edtotta, de miut\u00e1n a szovjet er\u0151szak leig\u00e1zta az orsz\u00e1got, 15 \u00e9ven \u00e1t az Amerikai Egyes\u00fclt \u00c1llamok budapesti k\u00f6vets\u00e9g\u00e9n kapott mened\u00e9ket. Engedelmess\u00e9gb\u0151l vette mag\u00e1ra a sz\u00e1mkivet\u00e9s neh\u00e9z keresztj\u00e9t s aggasty\u00e1nk\u00e9nt lett a vil\u00e1gban sz\u00e9tsz\u00f3rt magyars\u00e1g h\u0171 p\u00e1sztora \u00e9s igaz atyja. Meghalt B\u00e9csben 1975. m\u00e1jus 6-\u00e1n. Mindszenty J\u00f3zsef b\u00edboros Magyarorsz\u00e1g pr\u00edm\u00e1sa 1892\u20131975.<br \/>\u00c9lt \u00e9s \u00e9ljen a Szent Pann\u00f3ni\u00e1\u00e9rt.\u201d<\/em><\/p>\r\n\r\n\r\n\r\n\r\n\r\n<h2 class=\"wp-block-heading\">MINDSZENTY 80<\/h2>\r\n<p><iframe title=\"V\u00e9rtan\u00faink Hitvall\u00f3ink \u2013 2024. m\u00e1jus\" src=\"https:\/\/e.issuu.com\/embed.html?u=ungmind2024gmail.com&#038;d=vh_beliv_148x210mm_2024_majus_issuue-1\" style=\"border:none; width: 700px; height: 537px;\" allow=\"clipboard-write,allow-top-navigation,allow-top-navigation-by-user-activation,allow-downloads,allow-scripts,allow-same-origin,allow-popups,allow-modals,allow-popups-to-escape-sandbox,allow-forms\"  allowfullscreen=\"true\"><\/iframe><\/p>\r\n<p>&nbsp;<\/p>\r\n<p><a href=\"https:\/\/issuu.com\/ungmind2024gmail.com\/docs\/vh_beliv_148x210mm_2024_majus_issuue-1\">https:\/\/issuu.com\/ungmind2024gmail.com\/docs\/vh_beliv_148x210mm_2024_majus_issuue-1<\/a><\/p>\r\n\r\n\r\n\r\n<figure class=\"wp-block-embed is-type-rich is-provider-issuu wp-block-embed-issuu\">\r\n<div class=\"wp-block-embed__wrapper\"><img decoding=\"async\" class=\"wp-image-408\" src=\"https:\/\/engesztelotarsulas.hu\/wp-content\/uploads\/2025\/03\/Minszenty-Jozsef-Naptar-KEP-2025-737x1024.jpg\" alt=\"\" \/><img loading=\"lazy\" decoding=\"async\" class=\"alignnone size-full wp-image-593\" src=\"https:\/\/engesztelotarsulas.hu\/wp-content\/uploads\/2026\/01\/mindszenty-jozsef_0.png\" alt=\"\" width=\"180\" height=\"240\" \/><\/div>\r\n<\/figure>\r\n\r\n\r\n\r\n<figure class=\"wp-block-image size-full\"><img loading=\"lazy\" decoding=\"async\" class=\"alignnone size-medium wp-image-731\" src=\"https:\/\/engesztelotarsulas.hu\/wp-content\/uploads\/2026\/04\/Mindszenty-80-2-1-300x212.jpg\" alt=\"\" width=\"300\" height=\"212\" srcset=\"https:\/\/engesztelotarsulas.hu\/wp-content\/uploads\/2026\/04\/Mindszenty-80-2-1-300x212.jpg 300w, https:\/\/engesztelotarsulas.hu\/wp-content\/uploads\/2026\/04\/Mindszenty-80-2-1-1024x724.jpg 1024w, https:\/\/engesztelotarsulas.hu\/wp-content\/uploads\/2026\/04\/Mindszenty-80-2-1-768x543.jpg 768w, https:\/\/engesztelotarsulas.hu\/wp-content\/uploads\/2026\/04\/Mindszenty-80-2-1-1536x1086.jpg 1536w, https:\/\/engesztelotarsulas.hu\/wp-content\/uploads\/2026\/04\/Mindszenty-80-2-1.jpg 1683w\" sizes=\"auto, (max-width: 300px) 100vw, 300px\" \/><img decoding=\"async\" class=\"wp-image-409\" src=\"https:\/\/engesztelotarsulas.hu\/wp-content\/uploads\/2025\/03\/majus-31-Mariacell.jpg\" alt=\"\" \/><\/figure>\r\n\r\n\r\n\r\n<p>&nbsp;<\/p>\r\n","protected":false},"excerpt":{"rendered":"<p>\u201eHa lesz egymilli\u00f3 im\u00e1dkoz\u00f3 magyar, nem\u00a0f\u00e9lek a j\u00f6v\u0151t\u0151l\u201d(*) \u2013 mondta Mindszenty J\u00f3zsef b\u00edboros. \u00a0 Mindszenty J\u00f3zsef b\u00edboros pal\u00e1stja https:\/\/mindszentyhaz.hu\/index.php\/bemutatkozas\/mindszenty-jozsef-elete https:\/\/mindszentyalapitvany.hu\/szentte-avatas\/magyar-jeloltek\/mindszenty-jozsef Tiszteletrem\u00e9lt\u00f3 Mindszenty J\u00f3zsef szentt\u00e9avat\u00e1si elj\u00e1r\u00e1s\u00e1nakfontosabb d\u00e1tumai: \u00cdme a f\u0151pap, aki \u00e9let\u00e9nek napjaiban tetszett az Istennek,\u00e9s igaz volt, s a harag idej\u00e9n engesztel\u00e9s\u00fcl szolg\u00e1lt. (Sir 44,16-17 \u2013 szentlecke hitvall\u00f3 p\u00fcsp\u00f6k \u00fcnnep\u00e9n, r\u00e9szlet) https:\/\/mindszentyalapitvany.hu\/szentte-avatas\/magyar-jeloltek\/mindszenty-jozsef Isten Szolg\u00e1ja Mindszenty &#8230; <span class=\"more\"><a class=\"more-link\" href=\"https:\/\/engesztelotarsulas.hu\/index.php\/ez-egy-uj-oldal\/\">[Read more&#8230;]<\/a><\/span><\/p>\n","protected":false},"author":1,"featured_media":592,"parent":0,"menu_order":7,"comment_status":"closed","ping_status":"closed","template":"","meta":{"footnotes":""},"class_list":{"0":"entry","1":"page","2":"publish","3":"author-engeszte","4":"post-113","6":"has-post-thumbnail"},"_links":{"self":[{"href":"https:\/\/engesztelotarsulas.hu\/index.php\/wp-json\/wp\/v2\/pages\/113","targetHints":{"allow":["GET"]}}],"collection":[{"href":"https:\/\/engesztelotarsulas.hu\/index.php\/wp-json\/wp\/v2\/pages"}],"about":[{"href":"https:\/\/engesztelotarsulas.hu\/index.php\/wp-json\/wp\/v2\/types\/page"}],"author":[{"embeddable":true,"href":"https:\/\/engesztelotarsulas.hu\/index.php\/wp-json\/wp\/v2\/users\/1"}],"replies":[{"embeddable":true,"href":"https:\/\/engesztelotarsulas.hu\/index.php\/wp-json\/wp\/v2\/comments?post=113"}],"version-history":[{"count":29,"href":"https:\/\/engesztelotarsulas.hu\/index.php\/wp-json\/wp\/v2\/pages\/113\/revisions"}],"predecessor-version":[{"id":848,"href":"https:\/\/engesztelotarsulas.hu\/index.php\/wp-json\/wp\/v2\/pages\/113\/revisions\/848"}],"wp:featuredmedia":[{"embeddable":true,"href":"https:\/\/engesztelotarsulas.hu\/index.php\/wp-json\/wp\/v2\/media\/592"}],"wp:attachment":[{"href":"https:\/\/engesztelotarsulas.hu\/index.php\/wp-json\/wp\/v2\/media?parent=113"}],"curies":[{"name":"wp","href":"https:\/\/api.w.org\/{rel}","templated":true}]}}